{"id":75,"date":"2024-12-01T20:03:57","date_gmt":"2024-12-01T20:03:57","guid":{"rendered":"https:\/\/freinds.erasmus.site\/?page_id=75"},"modified":"2026-03-21T18:46:51","modified_gmt":"2026-03-21T18:46:51","slug":"freinds-network","status":"publish","type":"page","link":"https:\/\/freinds.erasmus.site\/pl\/freinds-network\/","title":{"rendered":"FReINDs Network"},"content":{"rendered":"<p>FReINDs Network &#8211; projekt ustanowi platform\u0119 wsp\u00f3\u0142pracy \u0142\u0105cz\u0105c\u0105 interesariuszy z biznesu, \u015brodowiska akademickiego, rz\u0105du i organizacji non-profit. Sie\u0107 ta b\u0119dzie sprzyja\u0107 wymianie wiedzy, podnosi\u0107 jako\u015b\u0107 i adekwatno\u015b\u0107 program\u00f3w nauczania oraz zapewnia\u0107 studentom wgl\u0105d w rzeczywiste wyzwania zwi\u0105zane z symbioz\u0105 przemys\u0142ow\u0105 i gospodark\u0105 o obiegu zamkni\u0119tym.<\/p>\n<p><em><strong>Je\u015bli chcesz dzia\u0142a\u0107 szybko, dzia\u0142aj sam. Je\u015bli chcesz zaj\u015b\u0107 daleko, zacznij dzia\u0142a\u0107 razem.<\/strong><\/em><\/p>\n<p><strong>Dzi\u0119ki FReINDs chcemy zaj\u015b\u0107 daleko w kierunku bezpiecznej i zr\u00f3wnowa\u017conej przysz\u0142o\u015bci.<\/strong><\/p>\n<p><strong><a href=\"https:\/\/forms.office.com\/pages\/responsepage.aspx?id=0hOi-GyPDUCedE6LR1MWxso9DzK6J9xNmsZZvjbzwbdUOE9UT0RTR0JYVkZJMzc3UFJCUVRHS0tOWS4u&amp;origin=QRCode&amp;route=shorturl\">Do\u0142\u0105cz do nas w tej podr\u00f3\u017cy<\/a>!<\/strong><\/p>\n<p>&nbsp;<\/p>\n<p><img fetchpriority=\"high\" decoding=\"async\" class=\"size-medium wp-image-224 aligncenter\" src=\"https:\/\/freinds.erasmus.site\/wp-content\/uploads\/2025\/04\/freinds-300x300.webp\" alt=\"\" width=\"300\" height=\"300\" srcset=\"https:\/\/freinds.erasmus.site\/wp-content\/uploads\/2025\/04\/freinds-300x300.webp 300w, https:\/\/freinds.erasmus.site\/wp-content\/uploads\/2025\/04\/freinds-1024x1024.webp 1024w, https:\/\/freinds.erasmus.site\/wp-content\/uploads\/2025\/04\/freinds-150x150.webp 150w, https:\/\/freinds.erasmus.site\/wp-content\/uploads\/2025\/04\/freinds-768x768.webp 768w, https:\/\/freinds.erasmus.site\/wp-content\/uploads\/2025\/04\/freinds-24x24.webp 24w, https:\/\/freinds.erasmus.site\/wp-content\/uploads\/2025\/04\/freinds-36x36.webp 36w, https:\/\/freinds.erasmus.site\/wp-content\/uploads\/2025\/04\/freinds-48x48.webp 48w, https:\/\/freinds.erasmus.site\/wp-content\/uploads\/2025\/04\/freinds.webp 1061w\" sizes=\"(max-width: 300px) 100vw, 300px\" \/><\/p>\n<p><strong>Mi\u0119dzynarodowe webinarium upowszechniaj\u0105ce FReINDs<\/strong><\/p>\n<p>Zorganizowane 24 kwietnia 2025 r. mi\u0119dzynarodowe webinarium upowszechniaj\u0105ce FReINDs koncentrowa\u0142o si\u0119 na prezentacji wynik\u00f3w bada\u0144 i prelekcjach zaproszonych prelegent\u00f3w. By\u0142a to r\u00f3wnie\u017c inauguracja inicjatywy FReINDs Network.<\/p>\n<p>Pobierz prezentacje z webinarium (dost\u0119pne w j\u0119zyku angielskim):<\/p>\n<p>&nbsp;<\/p>\n<div class=\"row\">\n<div class=\"col-sm-3\" style=\"text-align: center;\"><a href=\"https:\/\/freinds.erasmus.site\/wp-content\/uploads\/2025\/04\/FReINDs-International-Webinar.-Digital-Industrial-Symbiosis.pdf\" target=\"_blank\" rel=\"noopener noreferrer\"><br \/>\n<img decoding=\"async\" class=\"size-medium wp-image-117 aligncenter\" style=\"box-shadow: 5px 5px 10px;\" src=\"https:\/\/freinds.erasmus.site\/wp-content\/uploads\/2025\/04\/FReINDs-International-Webinar.-Digital-Industrial-Symbiosis.webp\" alt=\"\" width=\"300\" height=\"212\" \/><br \/>\n<\/a><\/div>\n<div class=\"col-sm-3\" style=\"text-align: center;\"><a href=\"https:\/\/freinds.erasmus.site\/wp-content\/uploads\/2025\/04\/FReINDs-Survey-Insights.-Readiness-and-Challenges-in-Digital-Industrial-Symbiosis.pdf\" target=\"_blank\" rel=\"noopener noreferrer\"><br \/>\n<img decoding=\"async\" class=\"size-medium wp-image-117 aligncenter\" style=\"box-shadow: 5px 5px 10px;\" src=\"https:\/\/freinds.erasmus.site\/wp-content\/uploads\/2025\/04\/FReINDs-Survey-Insights.-Readiness-and-Challenges-in-Digital-Industrial-Symbiosis.webp\" alt=\"\" width=\"300\" height=\"212\" \/><br \/>\n<\/a><\/div>\n<\/div>\n<div class=\"row\">\n<div class=\"col-sm-3\" style=\"text-align: center;\"><a href=\"https:\/\/freinds.erasmus.site\/wp-content\/uploads\/2025\/04\/Circularity-and-Industrial-Symbiosis-in-Industrial-Parks-as-Tools-for-Green-Transition.pdf\" target=\"_blank\" rel=\"noopener noreferrer\"><br \/>\n<img loading=\"lazy\" decoding=\"async\" class=\"size-medium wp-image-117 aligncenter\" style=\"box-shadow: 5px 5px 10px;\" src=\"https:\/\/freinds.erasmus.site\/wp-content\/uploads\/2025\/04\/Circularity-and-Industrial-Symbiosis-in-Industrial-Parks-as-Tools-for-Green-Transition-scaled.webp\" alt=\"\" width=\"300\" height=\"212\" \/><br \/>\n<\/a><\/div>\n<div class=\"col-sm-3\" style=\"text-align: center;\"><a href=\"https:\/\/freinds.erasmus.site\/wp-content\/uploads\/2025\/04\/Education-for-Plastic-in-Circular-Economy.pdf\" target=\"_blank\" rel=\"noopener noreferrer\"><br \/>\n<img loading=\"lazy\" decoding=\"async\" class=\"size-medium wp-image-117 aligncenter\" style=\"box-shadow: 5px 5px 10px;\" src=\"https:\/\/freinds.erasmus.site\/wp-content\/uploads\/2025\/04\/Education-for-Plastic-in-Circular-Economy.webp\" alt=\"\" width=\"300\" height=\"212\" \/><br \/>\n<\/a><\/div>\n<\/div>\n<div class=\"row\">\n<div class=\"col-sm-3\" style=\"text-align: center;\"><a href=\"https:\/\/freinds.erasmus.site\/wp-content\/uploads\/2025\/04\/Building-Global-Impact-through-Microplastics-Awareness-and-Local-Actions.pdf\" target=\"_blank\" rel=\"noopener noreferrer\"><br \/>\n<img loading=\"lazy\" decoding=\"async\" class=\"size-medium wp-image-117 aligncenter\" style=\"box-shadow: 5px 5px 10px;\" src=\"https:\/\/freinds.erasmus.site\/wp-content\/uploads\/2025\/04\/Building-Global-Impact-through-Microplastics-Awareness-and-Local-Actions.webp\" alt=\"\" width=\"300\" height=\"212\" \/><br \/>\n<\/a><\/div>\n<div class=\"col-sm-3\" style=\"text-align: center;\"><a href=\"https:\/\/freinds.erasmus.site\/wp-content\/uploads\/2025\/04\/Industrial-Symbiosis-Readiness.-The-case-of-the-Greek-food-sector.pdf\" target=\"_blank\" rel=\"noopener noreferrer\"><br \/>\n<img loading=\"lazy\" decoding=\"async\" class=\"size-medium wp-image-117 aligncenter\" style=\"box-shadow: 5px 5px 10px;\" src=\"https:\/\/freinds.erasmus.site\/wp-content\/uploads\/2025\/04\/Industrial-Symbiosis-Readiness.-The-case-of-the-Greek-food-sector.webp\" alt=\"\" width=\"300\" height=\"212\" \/><br \/>\n<\/a><\/div>\n<\/div>\n<p><\/p>","protected":false},"excerpt":{"rendered":"<p>FReINDs Network &#8211; projekt ustanowi platform\u0119 wsp\u00f3\u0142pracy \u0142\u0105cz\u0105c\u0105 interesariuszy z biznesu, \u015brodowiska akademickiego, rz\u0105du i organizacji non-profit. Sie\u0107 ta b\u0119dzie sprzyja\u0107 wymianie wiedzy, podnosi\u0107 jako\u015b\u0107 i adekwatno\u015b\u0107 program\u00f3w nauczania oraz zapewnia\u0107 studentom wgl\u0105d w rzeczywiste wyzwania zwi\u0105zane z symbioz\u0105 przemys\u0142ow\u0105 i gospodark\u0105 o obiegu zamkni\u0119tym. Je\u015bli chcesz dzia\u0142a\u0107 szybko, dzia\u0142aj sam. Je\u015bli chcesz zaj\u015b\u0107 daleko,&hellip;&nbsp;<a href=\"https:\/\/freinds.erasmus.site\/pl\/freinds-network\/\" rel=\"bookmark\">Dowiedz si\u0119 wi\u0119cej &raquo;<span class=\"screen-reader-text\">FReINDs Network<\/span><\/a><\/p>\n","protected":false},"author":1,"featured_media":0,"parent":0,"menu_order":0,"comment_status":"closed","ping_status":"closed","template":"","meta":{"neve_meta_sidebar":"","neve_meta_container":"","neve_meta_enable_content_width":"off","neve_meta_content_width":100,"neve_meta_title_alignment":"","neve_meta_author_avatar":"","neve_post_elements_order":"","neve_meta_disable_header":"","neve_meta_disable_footer":"","neve_meta_disable_title":"","footnotes":""},"class_list":["post-75","page","type-page","status-publish","hentry"],"_links":{"self":[{"href":"https:\/\/freinds.erasmus.site\/pl\/wp-json\/wp\/v2\/pages\/75","targetHints":{"allow":["GET"]}}],"collection":[{"href":"https:\/\/freinds.erasmus.site\/pl\/wp-json\/wp\/v2\/pages"}],"about":[{"href":"https:\/\/freinds.erasmus.site\/pl\/wp-json\/wp\/v2\/types\/page"}],"author":[{"embeddable":true,"href":"https:\/\/freinds.erasmus.site\/pl\/wp-json\/wp\/v2\/users\/1"}],"replies":[{"embeddable":true,"href":"https:\/\/freinds.erasmus.site\/pl\/wp-json\/wp\/v2\/comments?post=75"}],"version-history":[{"count":16,"href":"https:\/\/freinds.erasmus.site\/pl\/wp-json\/wp\/v2\/pages\/75\/revisions"}],"predecessor-version":[{"id":357,"href":"https:\/\/freinds.erasmus.site\/pl\/wp-json\/wp\/v2\/pages\/75\/revisions\/357"}],"wp:attachment":[{"href":"https:\/\/freinds.erasmus.site\/pl\/wp-json\/wp\/v2\/media?parent=75"}],"curies":[{"name":"wp","href":"https:\/\/api.w.org\/{rel}","templated":true}]}}